{"id":193,"date":"2024-12-29T10:32:14","date_gmt":"2024-12-29T09:32:14","guid":{"rendered":"https:\/\/doncaracol.com\/?page_id=193"},"modified":"2025-03-04T18:46:29","modified_gmt":"2025-03-04T17:46:29","slug":"politica-de-privadesa","status":"publish","type":"page","link":"https:\/\/doncaracol.com\/ca\/politica-de-privadesa\/","title":{"rendered":"Pol\u00edtica de privadesa"},"content":{"rendered":"<ul class=\"wp-block-list\">\n<li>Denominaci\u00f3 Social: Don Caracol SL, d&#039;ara endavant, l&#039;Empresa.<\/li>\n<\/ul>\n\n\n\n<ul class=\"wp-block-list\">\n<li>Domicili social: AVINGUDA COMTE DE SALLENT, 6<\/li>\n<\/ul>\n\n\n\n<ul class=\"wp-block-list\">\n<li>Poblaci\u00f3: Palmell de Mallorca.<\/li>\n<\/ul>\n\n\n\n<ul class=\"wp-block-list\">\n<li>Prov\u00edncia: Illes Balears.<\/li>\n<\/ul>\n\n\n\n<ul class=\"wp-block-list\">\n<li>Codi postal: 07003.<\/li>\n<\/ul>\n\n\n\n<ul class=\"wp-block-list\">\n<li>CIF n\u00famero: B57698714.<\/li>\n<\/ul>\n\n\n\n<ul class=\"wp-block-list\">\n<li>Adre\u00e7a de correu electr\u00f2nic:&nbsp;<a href=\"mailto:info@mesoncanpedro.es\">info@doncaracol.com<\/a><\/li>\n<\/ul>\n\n\n\n<ul class=\"wp-block-list\">\n<li>Tel\u00e8fon de contacte: 971 75 84 30.<\/li>\n<\/ul>\n\n\n\n<p class=\"wp-block-paragraph\">Mitjan\u00e7ant aquest av\u00eds legal, l&#039;empresa informa els usuaris de la p\u00e0gina web sobre la seva pol\u00edtica de privadesa i protecci\u00f3 de dades de car\u00e0cter personal.<\/p>\n\n\n\n<p class=\"wp-block-paragraph\">L&#039;usuari podr\u00e0 proporcionar-nos de forma volunt\u00e0ria informaci\u00f3 de car\u00e0cter personal a trav\u00e9s dels formularis inclosos a la web.<\/p>\n\n\n\n<p class=\"wp-block-paragraph\">De conformitat amb el que disposa la Llei Org\u00e0nica 15\/1999, de Protecci\u00f3 de Dades, de 13 de desembre, us informem que l&#039;enviament de qualsevol dada de car\u00e0cter personal a trav\u00e9s dels formularis de la p\u00e0gina web, correu electr\u00f2nic, o b\u00e9 via telef\u00f2nica, implica acceptar i consentir el tractament dels mateixos en els termes indicats a la present pol\u00edtica de privadesa. Aix\u00ed mateix, s&#039;informa que l&#039;empresa \u00e9s la responsable del tractament, i que les dades aportades no seran cedides a tercers sense el consentiment del titular.<\/p>\n\n\n\n<p class=\"wp-block-paragraph\">Les dades recollides seran incorporades als fitxers de dades personals que estigui degudament inscrit al Registre de fitxers de l&#039;Ag\u00e8ncia Espanyola de Protecci\u00f3 de Dades, i la finalitat dels quals \u00e9s realitzar la gesti\u00f3 administrativa i comercial de l&#039;establiment.<\/p>\n\n\n\n<p class=\"wp-block-paragraph\">L&#039;exercici dels drets d&#039;acc\u00e9s, rectificaci\u00f3, cancel\u00b7laci\u00f3 i oposici\u00f3 es poden dur a terme, d&#039;acord amb el que disposa la normativa vigent, mitjan\u00e7ant sol\u00b7licitud acreditant-ne la identitat i dirigint-se a la direcci\u00f3 indicada a l&#039;encap\u00e7alament d&#039;aquesta pol\u00edtica de privadesa.<\/p>\n\n\n\n<p class=\"wp-block-paragraph\">L&#039;empresa garanteix la confidencialitat de les dades facilitades. Aix\u00ed mateix, es compromet al compliment de les obligacions establertes al Reglament de Desenvolupament segons Reial Decret 1720\/2007, de 21 de desembre, vinculat a la Llei Org\u00e0nica 15\/99 de 13 de desembre de Protecci\u00f3 de Dades, adoptant les mesures t\u00e8cniques i organitzatives necess\u00e0ries per evitar la p\u00e8rdua, mal \u00fas, alteraci\u00f3 i acc\u00e9s no autoritzat, tenint en compte l&#039;estat de la tecnologia, la naturalesa de les dades i els riscos a qu\u00e8 estan exposats.<\/p>\n\n\n\n<p class=\"wp-block-paragraph\">Els camps marcats en els diferents apartats s\u00f3n obligatoris per a la finalitat establerta, si no s&#039;emplenen, no se&#039;n permetr\u00e0 l&#039;enviament.<\/p>\n\n\n\n<p class=\"wp-block-paragraph\"><strong>\u00das de cookies<\/strong><\/p>\n\n\n\n<p class=\"wp-block-paragraph\">L&#039;acc\u00e9s al web pot implicar la utilitzaci\u00f3 de cookies, una galeta \u00e9s un petit arxiu que s&#039;emmagatzema a l&#039;ordinador de l&#039;usuari i permet recon\u00e8ixer-lo, encara que en cap dada no es tracta d&#039;informaci\u00f3 de car\u00e0cter personal que permeti identificar-lo. Les seves funcions principals s\u00f3n portar el control d&#039;usuaris, o aconseguir informaci\u00f3 sobre els h\u00e0bits de navegaci\u00f3. Les galetes s\u00f3n essencials per al funcionament d&#039;Internet, aportant innombrables avantatges en la prestaci\u00f3 de serveis interactius.<\/p>\n\n\n\n<p class=\"wp-block-paragraph\">Si continua navegant, l&#039;usuari accepta el seu \u00fas. L&#039;usuari pot revocar en qualsevol moment el consentiment que ha donat, mitjan\u00e7ant l&#039;eliminaci\u00f3 al vostre ordinador i modificant els par\u00e0metres al vostre programa navegador.<\/p>\n\n\n\n<p class=\"wp-block-paragraph\">Els processos per controlar i eliminar les galetes vari\u00efn en funci\u00f3 del navegador usat. Per a m\u00e9s informaci\u00f3, feu servir la funci\u00f3 d&#039;ajuda o configureu el men\u00fa de privadesa.<\/p>\n\n\n\n<p class=\"wp-block-paragraph\">Nom\u00e9s s&#039;utilitzen cookies an\u00f2nimes d&#039;\u00fas intern necess\u00e0ries per al manteniment de continguts i navegaci\u00f3, aix\u00ed com cookies gestionades per tercers en el marc de serveis sol\u00b7licitats expressament per l&#039;usuari a les webs d&#039;aquells (ex.: Social Plugins de Facebook o Twitter amb la funci\u00f3 de controlar la interacci\u00f3 amb els ginys dins de la web).<\/p>\n\n\n\n<p class=\"wp-block-paragraph\"><strong>Tractament de dades recollides al formulari de contacte i enviament de CVs<\/strong><\/p>\n\n\n\n<p class=\"wp-block-paragraph\">Les dades personals proporcionades a trav\u00e9s del formulari de contacte i d&#039;enviament de curr\u00edculum en aquesta p\u00e0gina web seran utilitzades exclusivament amb les finalitats seg\u00fcents:<\/p>\n\n\n\n<ul class=\"wp-block-list\">\n<li>Gestionar sol\u00b7licituds dinformaci\u00f3 o consultes enviades a trav\u00e9s del formulari.<\/li>\n\n\n\n<li>Contactar amb els interessats en relaci\u00f3 amb la sol\u00b7licitud d&#039;ocupaci\u00f3.<\/li>\n\n\n\n<li>Avaluar candidatures i gestionar processos de selecci\u00f3 de personal a l&#039;empresa.<\/li>\n<\/ul>\n\n\n\n<p class=\"wp-block-paragraph\">No emmagatzemem les dades a cap base de dades ni realitzem cap tipus de tractament automatitzat. Les dades proporcionades a trav\u00e9s del formulari s\u00f3n \u00fanicament reenviades per correu electr\u00f2nic al departament de revisi\u00f3 de personal, on seran tractades amb total confidencialitat.<\/p>\n\n\n\n<p class=\"wp-block-paragraph\">Les dades no es compartiran amb tercers ni s&#039;utilitzaran per a altres finalitats diferents de les esmentades anteriorment.<\/p>\n\n\n\n<p class=\"wp-block-paragraph\">L&#039;enviament del formulari implica el consentiment expr\u00e9s de l&#039;usuari per al tractament de les vostres dades en els termes indicats en aquesta pol\u00edtica.<\/p>","protected":false},"excerpt":{"rendered":"<p>Mediante este aviso legal, la Empresa informa a los usuarios de la p\u00e1gina Web, acerca de su pol\u00edtica de privacidad y protecci\u00f3n de datos de car\u00e1cter personal. El usuario podr\u00e1 proporcionarnos de forma voluntaria, informaci\u00f3n de car\u00e1cter personal a trav\u00e9s de los formularios incluidos en la Web. De conformidad con lo dispuesto en la Ley [&hellip;]<\/p>\n","protected":false},"author":259874193,"featured_media":0,"parent":0,"menu_order":0,"comment_status":"closed","ping_status":"closed","template":"","meta":{"_crdt_document":"","footnotes":""},"class_list":["post-193","page","type-page","status-publish","hentry"],"yoast_head":"<!-- This site is optimized with the Yoast SEO plugin v27.4 - https:\/\/yoast.com\/product\/yoast-seo-wordpress\/ -->\n<title>Pol\u00edtica de privacidad - Don Caracol<\/title>\n<meta name=\"robots\" content=\"index, follow, max-snippet:-1, max-image-preview:large, max-video-preview:-1\" \/>\n<link rel=\"canonical\" href=\"https:\/\/doncaracol.com\/ca\/politica-de-privadesa\/\" \/>\n<meta property=\"og:locale\" content=\"ca_ES\" \/>\n<meta property=\"og:type\" content=\"article\" \/>\n<meta property=\"og:title\" content=\"Pol\u00edtica de privacidad - Don Caracol\" \/>\n<meta property=\"og:description\" content=\"Mediante este aviso legal, la Empresa informa a los usuarios de la p\u00e1gina Web, acerca de su pol\u00edtica de privacidad y protecci\u00f3n de datos de car\u00e1cter personal. El usuario podr\u00e1 proporcionarnos de forma voluntaria, informaci\u00f3n de car\u00e1cter personal a trav\u00e9s de los formularios incluidos en la Web. De conformidad con lo dispuesto en la Ley [&hellip;]\" \/>\n<meta property=\"og:url\" content=\"https:\/\/doncaracol.com\/ca\/politica-de-privadesa\/\" \/>\n<meta property=\"og:site_name\" content=\"Don Caracol\" \/>\n<meta property=\"article:modified_time\" content=\"2025-03-04T17:46:29+00:00\" \/>\n<meta name=\"twitter:card\" content=\"summary_large_image\" \/>\n<meta name=\"twitter:label1\" content=\"Temps estimat de lectura\" \/>\n\t<meta name=\"twitter:data1\" content=\"4 minuts\" \/>\n<script type=\"application\/ld+json\" class=\"yoast-schema-graph\">{\"@context\":\"https:\\\/\\\/schema.org\",\"@graph\":[{\"@type\":\"WebPage\",\"@id\":\"https:\\\/\\\/doncaracol.com\\\/politica-de-privacidad\\\/\",\"url\":\"https:\\\/\\\/doncaracol.com\\\/politica-de-privacidad\\\/\",\"name\":\"Pol\u00edtica de privacidad - Don Caracol\",\"isPartOf\":{\"@id\":\"https:\\\/\\\/doncaracol.com\\\/#website\"},\"datePublished\":\"2024-12-29T09:32:14+00:00\",\"dateModified\":\"2025-03-04T17:46:29+00:00\",\"breadcrumb\":{\"@id\":\"https:\\\/\\\/doncaracol.com\\\/politica-de-privacidad\\\/#breadcrumb\"},\"inLanguage\":\"ca\",\"potentialAction\":[{\"@type\":\"ReadAction\",\"target\":[\"https:\\\/\\\/doncaracol.com\\\/politica-de-privacidad\\\/\"]}]},{\"@type\":\"BreadcrumbList\",\"@id\":\"https:\\\/\\\/doncaracol.com\\\/politica-de-privacidad\\\/#breadcrumb\",\"itemListElement\":[{\"@type\":\"ListItem\",\"position\":1,\"name\":\"Portada\",\"item\":\"https:\\\/\\\/doncaracol.com\\\/\"},{\"@type\":\"ListItem\",\"position\":2,\"name\":\"Pol\u00edtica de privacidad\"}]},{\"@type\":\"WebSite\",\"@id\":\"https:\\\/\\\/doncaracol.com\\\/#website\",\"url\":\"https:\\\/\\\/doncaracol.com\\\/\",\"name\":\"Don Caracol\",\"description\":\"Disfruta de la aut\u00e9ntica gastronom\u00eda en un ambiente \u00fanico.\",\"publisher\":{\"@id\":\"https:\\\/\\\/doncaracol.com\\\/#organization\"},\"potentialAction\":[{\"@type\":\"SearchAction\",\"target\":{\"@type\":\"EntryPoint\",\"urlTemplate\":\"https:\\\/\\\/doncaracol.com\\\/?s={search_term_string}\"},\"query-input\":{\"@type\":\"PropertyValueSpecification\",\"valueRequired\":true,\"valueName\":\"search_term_string\"}}],\"inLanguage\":\"ca\"},{\"@type\":\"Organization\",\"@id\":\"https:\\\/\\\/doncaracol.com\\\/#organization\",\"name\":\"Don Caracol\",\"url\":\"https:\\\/\\\/doncaracol.com\\\/\",\"logo\":{\"@type\":\"ImageObject\",\"inLanguage\":\"ca\",\"@id\":\"https:\\\/\\\/doncaracol.com\\\/#\\\/schema\\\/logo\\\/image\\\/\",\"url\":\"https:\\\/\\\/i0.wp.com\\\/doncaracol.com\\\/wp-content\\\/uploads\\\/2024\\\/12\\\/logo-don-caracol-mallorca.png?fit=291%2C125&ssl=1\",\"contentUrl\":\"https:\\\/\\\/i0.wp.com\\\/doncaracol.com\\\/wp-content\\\/uploads\\\/2024\\\/12\\\/logo-don-caracol-mallorca.png?fit=291%2C125&ssl=1\",\"width\":291,\"height\":125,\"caption\":\"Don Caracol\"},\"image\":{\"@id\":\"https:\\\/\\\/doncaracol.com\\\/#\\\/schema\\\/logo\\\/image\\\/\"}}]}<\/script>\n<!-- \/ Yoast SEO plugin. -->","yoast_head_json":{"title":"Pol\u00edtica de privadesa - Don Caracol","robots":{"index":"index","follow":"follow","max-snippet":"max-snippet:-1","max-image-preview":"max-image-preview:large","max-video-preview":"max-video-preview:-1"},"canonical":"https:\/\/doncaracol.com\/ca\/politica-de-privadesa\/","og_locale":"ca_ES","og_type":"article","og_title":"Pol\u00edtica de privacidad - Don Caracol","og_description":"Mediante este aviso legal, la Empresa informa a los usuarios de la p\u00e1gina Web, acerca de su pol\u00edtica de privacidad y protecci\u00f3n de datos de car\u00e1cter personal. El usuario podr\u00e1 proporcionarnos de forma voluntaria, informaci\u00f3n de car\u00e1cter personal a trav\u00e9s de los formularios incluidos en la Web. De conformidad con lo dispuesto en la Ley [&hellip;]","og_url":"https:\/\/doncaracol.com\/ca\/politica-de-privadesa\/","og_site_name":"Don Caracol","article_modified_time":"2025-03-04T17:46:29+00:00","twitter_card":"summary_large_image","twitter_misc":{"Temps estimat de lectura":"4 minuts"},"schema":{"@context":"https:\/\/schema.org","@graph":[{"@type":"WebPage","@id":"https:\/\/doncaracol.com\/politica-de-privacidad\/","url":"https:\/\/doncaracol.com\/politica-de-privacidad\/","name":"Pol\u00edtica de privadesa - Don Caracol","isPartOf":{"@id":"https:\/\/doncaracol.com\/#website"},"datePublished":"2024-12-29T09:32:14+00:00","dateModified":"2025-03-04T17:46:29+00:00","breadcrumb":{"@id":"https:\/\/doncaracol.com\/politica-de-privacidad\/#breadcrumb"},"inLanguage":"ca","potentialAction":[{"@type":"ReadAction","target":["https:\/\/doncaracol.com\/politica-de-privacidad\/"]}]},{"@type":"BreadcrumbList","@id":"https:\/\/doncaracol.com\/politica-de-privacidad\/#breadcrumb","itemListElement":[{"@type":"ListItem","position":1,"name":"Portada","item":"https:\/\/doncaracol.com\/"},{"@type":"ListItem","position":2,"name":"Pol\u00edtica de privacidad"}]},{"@type":"WebSite","@id":"https:\/\/doncaracol.com\/#website","url":"https:\/\/doncaracol.com\/","name":"Don Cargol","description":"Gaudeix de l\u00b4aut\u00e8ntica gastronomia en un ambient \u00fanic.","publisher":{"@id":"https:\/\/doncaracol.com\/#organization"},"potentialAction":[{"@type":"SearchAction","target":{"@type":"EntryPoint","urlTemplate":"https:\/\/doncaracol.com\/?s={search_term_string}"},"query-input":{"@type":"PropertyValueSpecification","valueRequired":true,"valueName":"search_term_string"}}],"inLanguage":"ca"},{"@type":"Organization","@id":"https:\/\/doncaracol.com\/#organization","name":"Don Cargol","url":"https:\/\/doncaracol.com\/","logo":{"@type":"ImageObject","inLanguage":"ca","@id":"https:\/\/doncaracol.com\/#\/schema\/logo\/image\/","url":"https:\/\/i0.wp.com\/doncaracol.com\/wp-content\/uploads\/2024\/12\/logo-don-caracol-mallorca.png?fit=291%2C125&ssl=1","contentUrl":"https:\/\/i0.wp.com\/doncaracol.com\/wp-content\/uploads\/2024\/12\/logo-don-caracol-mallorca.png?fit=291%2C125&ssl=1","width":291,"height":125,"caption":"Don Caracol"},"image":{"@id":"https:\/\/doncaracol.com\/#\/schema\/logo\/image\/"}}]}},"jetpack_likes_enabled":true,"jetpack_sharing_enabled":true,"jetpack_shortlink":"https:\/\/wp.me\/Pgfsmc-37","jetpack-related-posts":[],"_links":{"self":[{"href":"https:\/\/doncaracol.com\/ca\/wp-json\/wp\/v2\/pages\/193","targetHints":{"allow":["GET"]}}],"collection":[{"href":"https:\/\/doncaracol.com\/ca\/wp-json\/wp\/v2\/pages"}],"about":[{"href":"https:\/\/doncaracol.com\/ca\/wp-json\/wp\/v2\/types\/page"}],"author":[{"embeddable":true,"href":"https:\/\/doncaracol.com\/ca\/wp-json\/wp\/v2\/users\/259874193"}],"replies":[{"embeddable":true,"href":"https:\/\/doncaracol.com\/ca\/wp-json\/wp\/v2\/comments?post=193"}],"version-history":[{"count":4,"href":"https:\/\/doncaracol.com\/ca\/wp-json\/wp\/v2\/pages\/193\/revisions"}],"predecessor-version":[{"id":474,"href":"https:\/\/doncaracol.com\/ca\/wp-json\/wp\/v2\/pages\/193\/revisions\/474"}],"wp:attachment":[{"href":"https:\/\/doncaracol.com\/ca\/wp-json\/wp\/v2\/media?parent=193"}],"curies":[{"name":"wp","href":"https:\/\/api.w.org\/{rel}","templated":true}]}}