{"id":193,"date":"2024-12-29T10:32:14","date_gmt":"2024-12-29T09:32:14","guid":{"rendered":"https:\/\/doncaracol.com\/?page_id=193"},"modified":"2025-03-04T18:46:29","modified_gmt":"2025-03-04T17:46:29","slug":"politique-de-confidentialite","status":"publish","type":"page","link":"https:\/\/doncaracol.com\/fr\/politique-de-confidentialite\/","title":{"rendered":"Politique de confidentialit\u00e9"},"content":{"rendered":"<ul class=\"wp-block-list\">\n<li>Nom de l'entreprise : Don Caracol S.L., ci-apr\u00e8s d\u00e9nomm\u00e9e \"l'entreprise\".<\/li>\n<\/ul>\n\n\n\n<ul class=\"wp-block-list\">\n<li>Si\u00e8ge social : AVENIDA COMTE DE SALLENT, 6<\/li>\n<\/ul>\n\n\n\n<ul class=\"wp-block-list\">\n<li>Ville : Palma de Mallorca.<\/li>\n<\/ul>\n\n\n\n<ul class=\"wp-block-list\">\n<li>Province : Illes Balears.<\/li>\n<\/ul>\n\n\n\n<ul class=\"wp-block-list\">\n<li>Code postal : 07003.<\/li>\n<\/ul>\n\n\n\n<ul class=\"wp-block-list\">\n<li>Num\u00e9ro C.I.F. : B57698714.<\/li>\n<\/ul>\n\n\n\n<ul class=\"wp-block-list\">\n<li>Adresse \u00e9lectronique :&nbsp;<a href=\"mailto:info@mesoncanpedro.es\">info@doncaracol.com<\/a><\/li>\n<\/ul>\n\n\n\n<ul class=\"wp-block-list\">\n<li>Num\u00e9ro de t\u00e9l\u00e9phone de contact : 971 75 84 30.<\/li>\n<\/ul>\n\n\n\n<p class=\"wp-block-paragraph\">Par le biais de cet avis juridique, l'entreprise informe les utilisateurs du site web de sa politique en mati\u00e8re de protection de la vie priv\u00e9e et des donn\u00e9es personnelles.<\/p>\n\n\n\n<p class=\"wp-block-paragraph\">L'utilisateur peut nous fournir volontairement des informations \u00e0 caract\u00e8re personnel par le biais des formulaires inclus sur le site web.<\/p>\n\n\n\n<p class=\"wp-block-paragraph\">Conform\u00e9ment aux dispositions de la loi organique 15\/1999, du 13 d\u00e9cembre, sur la protection des donn\u00e9es, nous vous informons qu'en envoyant vos donn\u00e9es personnelles par le biais des formulaires du site Web, par courrier \u00e9lectronique ou par t\u00e9l\u00e9phone, vous acceptez et consentez au traitement de ces donn\u00e9es dans les termes indiqu\u00e9s dans la pr\u00e9sente politique de confidentialit\u00e9. Nous vous informons \u00e9galement que l'entreprise est responsable du traitement et que les donn\u00e9es fournies ne seront pas c\u00e9d\u00e9es \u00e0 des tiers sans le consentement du propri\u00e9taire.<\/p>\n\n\n\n<p class=\"wp-block-paragraph\">Les donn\u00e9es collect\u00e9es seront incorpor\u00e9es aux fichiers de donn\u00e9es personnelles d\u00fbment inscrits au Registre des fichiers de l'Agence espagnole de protection des donn\u00e9es, et dont la finalit\u00e9 est de mener \u00e0 bien la gestion administrative et commerciale de l'\u00e9tablissement.<\/p>\n\n\n\n<p class=\"wp-block-paragraph\">L'exercice des droits d'acc\u00e8s, de rectification, d'annulation et d'opposition peut se faire, conform\u00e9ment aux dispositions de la l\u00e9gislation en vigueur, par le biais d'une demande accr\u00e9ditant votre identit\u00e9 et en \u00e9crivant \u00e0 l'adresse indiqu\u00e9e dans l'en-t\u00eate de la pr\u00e9sente politique de confidentialit\u00e9.<\/p>\n\n\n\n<p class=\"wp-block-paragraph\">L'entreprise garantit la confidentialit\u00e9 des donn\u00e9es fournies. De m\u00eame, elle s'engage \u00e0 respecter les obligations \u00e9tablies dans le r\u00e8glement de d\u00e9veloppement conform\u00e9ment au d\u00e9cret royal 1720\/2007, du 21 d\u00e9cembre, li\u00e9 \u00e0 la loi organique 15\/99 du 13 d\u00e9cembre sur la protection des donn\u00e9es, en adoptant les mesures techniques et organisationnelles n\u00e9cessaires pour pr\u00e9venir la perte, l'utilisation abusive, l'alt\u00e9ration et l'acc\u00e8s non autoris\u00e9, en tenant compte de l'\u00e9tat de la technologie, de la nature des donn\u00e9es et des risques auxquels elles sont expos\u00e9es.<\/p>\n\n\n\n<p class=\"wp-block-paragraph\">Les champs marqu\u00e9s dans les diff\u00e9rentes sections sont obligatoires pour l'objectif fix\u00e9, s'ils ne sont pas remplis, l'envoi ne sera pas autoris\u00e9.<\/p>\n\n\n\n<p class=\"wp-block-paragraph\"><strong>Utilisation de cookies<\/strong><\/p>\n\n\n\n<p class=\"wp-block-paragraph\">L'acc\u00e8s au site peut impliquer l'utilisation de cookies. Un cookie est un petit fichier stock\u00e9 sur l'ordinateur de l'utilisateur et qui permet de reconna\u00eetre l'utilisateur, bien qu'il ne contienne aucune information personnelle permettant d'identifier l'utilisateur. Ses principales fonctions sont de garder la trace des utilisateurs ou d'obtenir des informations sur les habitudes de navigation. Les cookies sont essentiels au fonctionnement d'Internet et offrent d'innombrables avantages dans la fourniture de services interactifs.<\/p>\n\n\n\n<p class=\"wp-block-paragraph\">En continuant \u00e0 naviguer, l'utilisateur en accepte l'utilisation. Vous pouvez r\u00e9voquer votre consentement \u00e0 tout moment en le supprimant de votre ordinateur et en modifiant les param\u00e8tres de votre navigateur.<\/p>\n\n\n\n<p class=\"wp-block-paragraph\">Les processus de contr\u00f4le et de suppression des cookies varient en fonction du navigateur utilis\u00e9. Pour plus d'informations, utilisez la fonction d'aide du navigateur ou configurez le menu de confidentialit\u00e9.<\/p>\n\n\n\n<p class=\"wp-block-paragraph\">Nous n'utilisons que des cookies anonymes \u00e0 usage interne n\u00e9cessaires \u00e0 la maintenance du contenu et de la navigation, ainsi que des cookies g\u00e9r\u00e9s par des tiers dans le cadre de services express\u00e9ment demand\u00e9s par l'utilisateur sur leurs sites web (par exemple, les plugins sociaux de Facebook ou Twitter ayant pour fonction de surveiller l'interaction avec les widgets au sein du site web).<\/p>\n\n\n\n<p class=\"wp-block-paragraph\"><strong>Traitement des donn\u00e9es collect\u00e9es dans le formulaire de contact et l'envoi de CV<\/strong><\/p>\n\n\n\n<p class=\"wp-block-paragraph\">Les donn\u00e9es personnelles fournies par le biais du formulaire de contact et du formulaire de soumission de CV sur ce site web seront utilis\u00e9es exclusivement aux fins suivantes :<\/p>\n\n\n\n<ul class=\"wp-block-list\">\n<li>G\u00e9rer les demandes d'information ou les questions envoy\u00e9es par l'interm\u00e9diaire du formulaire.<\/li>\n\n\n\n<li>Contacter les personnes int\u00e9ress\u00e9es par leur candidature \u00e0 un emploi.<\/li>\n\n\n\n<li>\u00c9valuer les candidatures et g\u00e9rer les processus de recrutement au sein de l'entreprise.<\/li>\n<\/ul>\n\n\n\n<p class=\"wp-block-paragraph\">Nous ne stockons pas les donn\u00e9es dans une base de donn\u00e9es et n'effectuons aucun type de traitement automatis\u00e9. Les donn\u00e9es fournies par le biais du formulaire sont uniquement transmises par courrier \u00e9lectronique au service d'\u00e9valuation du personnel, o\u00f9 elles seront trait\u00e9es en toute confidentialit\u00e9.<\/p>\n\n\n\n<p class=\"wp-block-paragraph\">Les donn\u00e9es ne seront pas partag\u00e9es avec des tiers ni utilis\u00e9es \u00e0 d'autres fins que celles mentionn\u00e9es ci-dessus.<\/p>\n\n\n\n<p class=\"wp-block-paragraph\">L'envoi du formulaire implique le consentement expr\u00e8s de l'utilisateur au traitement de ses donn\u00e9es dans les conditions indiqu\u00e9es dans la pr\u00e9sente politique.<\/p>","protected":false},"excerpt":{"rendered":"<p>Mediante este aviso legal, la Empresa informa a los usuarios de la p\u00e1gina Web, acerca de su pol\u00edtica de privacidad y protecci\u00f3n de datos de car\u00e1cter personal. El usuario podr\u00e1 proporcionarnos de forma voluntaria, informaci\u00f3n de car\u00e1cter personal a trav\u00e9s de los formularios incluidos en la Web. De conformidad con lo dispuesto en la Ley [&hellip;]<\/p>\n","protected":false},"author":259874193,"featured_media":0,"parent":0,"menu_order":0,"comment_status":"closed","ping_status":"closed","template":"","meta":{"_crdt_document":"","footnotes":""},"class_list":["post-193","page","type-page","status-publish","hentry"],"yoast_head":"<!-- This site is optimized with the Yoast SEO plugin v27.4 - https:\/\/yoast.com\/product\/yoast-seo-wordpress\/ -->\n<title>Pol\u00edtica de privacidad - Don Caracol<\/title>\n<meta name=\"robots\" content=\"index, follow, max-snippet:-1, max-image-preview:large, max-video-preview:-1\" \/>\n<link rel=\"canonical\" href=\"https:\/\/doncaracol.com\/fr\/politique-de-confidentialite\/\" \/>\n<meta property=\"og:locale\" content=\"fr_FR\" \/>\n<meta property=\"og:type\" content=\"article\" \/>\n<meta property=\"og:title\" content=\"Pol\u00edtica de privacidad - Don Caracol\" \/>\n<meta property=\"og:description\" content=\"Mediante este aviso legal, la Empresa informa a los usuarios de la p\u00e1gina Web, acerca de su pol\u00edtica de privacidad y protecci\u00f3n de datos de car\u00e1cter personal. El usuario podr\u00e1 proporcionarnos de forma voluntaria, informaci\u00f3n de car\u00e1cter personal a trav\u00e9s de los formularios incluidos en la Web. De conformidad con lo dispuesto en la Ley [&hellip;]\" \/>\n<meta property=\"og:url\" content=\"https:\/\/doncaracol.com\/fr\/politique-de-confidentialite\/\" \/>\n<meta property=\"og:site_name\" content=\"Don Caracol\" \/>\n<meta property=\"article:modified_time\" content=\"2025-03-04T17:46:29+00:00\" \/>\n<meta name=\"twitter:card\" content=\"summary_large_image\" \/>\n<meta name=\"twitter:label1\" content=\"Dur\u00e9e de lecture estim\u00e9e\" \/>\n\t<meta name=\"twitter:data1\" content=\"4 minutes\" \/>\n<script type=\"application\/ld+json\" class=\"yoast-schema-graph\">{\"@context\":\"https:\\\/\\\/schema.org\",\"@graph\":[{\"@type\":\"WebPage\",\"@id\":\"https:\\\/\\\/doncaracol.com\\\/politica-de-privacidad\\\/\",\"url\":\"https:\\\/\\\/doncaracol.com\\\/politica-de-privacidad\\\/\",\"name\":\"Pol\u00edtica de privacidad - Don Caracol\",\"isPartOf\":{\"@id\":\"https:\\\/\\\/doncaracol.com\\\/#website\"},\"datePublished\":\"2024-12-29T09:32:14+00:00\",\"dateModified\":\"2025-03-04T17:46:29+00:00\",\"breadcrumb\":{\"@id\":\"https:\\\/\\\/doncaracol.com\\\/politica-de-privacidad\\\/#breadcrumb\"},\"inLanguage\":\"fr-FR\",\"potentialAction\":[{\"@type\":\"ReadAction\",\"target\":[\"https:\\\/\\\/doncaracol.com\\\/politica-de-privacidad\\\/\"]}]},{\"@type\":\"BreadcrumbList\",\"@id\":\"https:\\\/\\\/doncaracol.com\\\/politica-de-privacidad\\\/#breadcrumb\",\"itemListElement\":[{\"@type\":\"ListItem\",\"position\":1,\"name\":\"Portada\",\"item\":\"https:\\\/\\\/doncaracol.com\\\/\"},{\"@type\":\"ListItem\",\"position\":2,\"name\":\"Pol\u00edtica de privacidad\"}]},{\"@type\":\"WebSite\",\"@id\":\"https:\\\/\\\/doncaracol.com\\\/#website\",\"url\":\"https:\\\/\\\/doncaracol.com\\\/\",\"name\":\"Don Caracol\",\"description\":\"Disfruta de la aut\u00e9ntica gastronom\u00eda en un ambiente \u00fanico.\",\"publisher\":{\"@id\":\"https:\\\/\\\/doncaracol.com\\\/#organization\"},\"potentialAction\":[{\"@type\":\"SearchAction\",\"target\":{\"@type\":\"EntryPoint\",\"urlTemplate\":\"https:\\\/\\\/doncaracol.com\\\/?s={search_term_string}\"},\"query-input\":{\"@type\":\"PropertyValueSpecification\",\"valueRequired\":true,\"valueName\":\"search_term_string\"}}],\"inLanguage\":\"fr-FR\"},{\"@type\":\"Organization\",\"@id\":\"https:\\\/\\\/doncaracol.com\\\/#organization\",\"name\":\"Don Caracol\",\"url\":\"https:\\\/\\\/doncaracol.com\\\/\",\"logo\":{\"@type\":\"ImageObject\",\"inLanguage\":\"fr-FR\",\"@id\":\"https:\\\/\\\/doncaracol.com\\\/#\\\/schema\\\/logo\\\/image\\\/\",\"url\":\"https:\\\/\\\/i0.wp.com\\\/doncaracol.com\\\/wp-content\\\/uploads\\\/2024\\\/12\\\/logo-don-caracol-mallorca.png?fit=291%2C125&ssl=1\",\"contentUrl\":\"https:\\\/\\\/i0.wp.com\\\/doncaracol.com\\\/wp-content\\\/uploads\\\/2024\\\/12\\\/logo-don-caracol-mallorca.png?fit=291%2C125&ssl=1\",\"width\":291,\"height\":125,\"caption\":\"Don Caracol\"},\"image\":{\"@id\":\"https:\\\/\\\/doncaracol.com\\\/#\\\/schema\\\/logo\\\/image\\\/\"}}]}<\/script>\n<!-- \/ Yoast SEO plugin. -->","yoast_head_json":{"title":"Politique de confidentialit\u00e9 - Don Caracol","robots":{"index":"index","follow":"follow","max-snippet":"max-snippet:-1","max-image-preview":"max-image-preview:large","max-video-preview":"max-video-preview:-1"},"canonical":"https:\/\/doncaracol.com\/fr\/politique-de-confidentialite\/","og_locale":"fr_FR","og_type":"article","og_title":"Pol\u00edtica de privacidad - Don Caracol","og_description":"Mediante este aviso legal, la Empresa informa a los usuarios de la p\u00e1gina Web, acerca de su pol\u00edtica de privacidad y protecci\u00f3n de datos de car\u00e1cter personal. El usuario podr\u00e1 proporcionarnos de forma voluntaria, informaci\u00f3n de car\u00e1cter personal a trav\u00e9s de los formularios incluidos en la Web. De conformidad con lo dispuesto en la Ley [&hellip;]","og_url":"https:\/\/doncaracol.com\/fr\/politique-de-confidentialite\/","og_site_name":"Don Caracol","article_modified_time":"2025-03-04T17:46:29+00:00","twitter_card":"summary_large_image","twitter_misc":{"Dur\u00e9e de lecture estim\u00e9e":"4 minutes"},"schema":{"@context":"https:\/\/schema.org","@graph":[{"@type":"WebPage","@id":"https:\/\/doncaracol.com\/politica-de-privacidad\/","url":"https:\/\/doncaracol.com\/politica-de-privacidad\/","name":"Politique de confidentialit\u00e9 - Don Caracol","isPartOf":{"@id":"https:\/\/doncaracol.com\/#website"},"datePublished":"2024-12-29T09:32:14+00:00","dateModified":"2025-03-04T17:46:29+00:00","breadcrumb":{"@id":"https:\/\/doncaracol.com\/politica-de-privacidad\/#breadcrumb"},"inLanguage":"fr-FR","potentialAction":[{"@type":"ReadAction","target":["https:\/\/doncaracol.com\/politica-de-privacidad\/"]}]},{"@type":"BreadcrumbList","@id":"https:\/\/doncaracol.com\/politica-de-privacidad\/#breadcrumb","itemListElement":[{"@type":"ListItem","position":1,"name":"Portada","item":"https:\/\/doncaracol.com\/"},{"@type":"ListItem","position":2,"name":"Pol\u00edtica de privacidad"}]},{"@type":"WebSite","@id":"https:\/\/doncaracol.com\/#website","url":"https:\/\/doncaracol.com\/","name":"Don Caracol","description":"Savourez une gastronomie authentique dans une atmosph\u00e8re unique.","publisher":{"@id":"https:\/\/doncaracol.com\/#organization"},"potentialAction":[{"@type":"SearchAction","target":{"@type":"EntryPoint","urlTemplate":"https:\/\/doncaracol.com\/?s={search_term_string}"},"query-input":{"@type":"PropertyValueSpecification","valueRequired":true,"valueName":"search_term_string"}}],"inLanguage":"fr-FR"},{"@type":"Organization","@id":"https:\/\/doncaracol.com\/#organization","name":"Don Caracol","url":"https:\/\/doncaracol.com\/","logo":{"@type":"ImageObject","inLanguage":"fr-FR","@id":"https:\/\/doncaracol.com\/#\/schema\/logo\/image\/","url":"https:\/\/i0.wp.com\/doncaracol.com\/wp-content\/uploads\/2024\/12\/logo-don-caracol-mallorca.png?fit=291%2C125&ssl=1","contentUrl":"https:\/\/i0.wp.com\/doncaracol.com\/wp-content\/uploads\/2024\/12\/logo-don-caracol-mallorca.png?fit=291%2C125&ssl=1","width":291,"height":125,"caption":"Don Caracol"},"image":{"@id":"https:\/\/doncaracol.com\/#\/schema\/logo\/image\/"}}]}},"jetpack_likes_enabled":true,"jetpack_sharing_enabled":true,"jetpack_shortlink":"https:\/\/wp.me\/Pgfsmc-37","jetpack-related-posts":[],"_links":{"self":[{"href":"https:\/\/doncaracol.com\/fr\/wp-json\/wp\/v2\/pages\/193","targetHints":{"allow":["GET"]}}],"collection":[{"href":"https:\/\/doncaracol.com\/fr\/wp-json\/wp\/v2\/pages"}],"about":[{"href":"https:\/\/doncaracol.com\/fr\/wp-json\/wp\/v2\/types\/page"}],"author":[{"embeddable":true,"href":"https:\/\/doncaracol.com\/fr\/wp-json\/wp\/v2\/users\/259874193"}],"replies":[{"embeddable":true,"href":"https:\/\/doncaracol.com\/fr\/wp-json\/wp\/v2\/comments?post=193"}],"version-history":[{"count":4,"href":"https:\/\/doncaracol.com\/fr\/wp-json\/wp\/v2\/pages\/193\/revisions"}],"predecessor-version":[{"id":474,"href":"https:\/\/doncaracol.com\/fr\/wp-json\/wp\/v2\/pages\/193\/revisions\/474"}],"wp:attachment":[{"href":"https:\/\/doncaracol.com\/fr\/wp-json\/wp\/v2\/media?parent=193"}],"curies":[{"name":"wp","href":"https:\/\/api.w.org\/{rel}","templated":true}]}}