{"id":1,"date":"2024-12-22T00:33:07","date_gmt":"2024-12-22T00:33:07","guid":{"rendered":"http:\/\/doncaracol.com\/?page_id=1"},"modified":"2025-01-18T17:39:47","modified_gmt":"2025-01-18T16:39:47","slug":"storia","status":"publish","type":"page","link":"https:\/\/doncaracol.com\/it\/storia\/","title":{"rendered":"La nostra storia"},"content":{"rendered":"<div class=\"wp-block-group alignfull has-global-padding is-content-justification-center is-layout-constrained wp-container-core-group-is-layout-abe470ff wp-block-group-is-layout-constrained\" style=\"margin-top:0;margin-bottom:0;padding-top:var(--wp--preset--spacing--50);padding-bottom:var(--wp--preset--spacing--50)\">\n<div class=\"wp-block-columns alignwide are-vertically-aligned-center is-layout-flex wp-container-core-columns-is-layout-2556fd45 wp-block-columns-is-layout-flex\">\n<div class=\"wp-block-column is-vertically-aligned-center is-layout-flow wp-block-column-is-layout-flow\" style=\"flex-basis:66.66%\">\n<div class=\"wp-block-group alignwide is-layout-flow wp-block-group-is-layout-flow\" style=\"padding-right:24px\">\n<h2 class=\"wp-block-heading alignwide\">Don Caracol, oltre 30 anni di storia<\/h2>\n<\/div>\n<\/div>\n\n\n\n<div class=\"wp-block-column is-vertically-aligned-center is-layout-flow wp-block-column-is-layout-flow\" style=\"flex-basis:33.33%\">\n<p class=\"wp-block-paragraph\">Un giovane di Alcal\u00e1 la Real, Ja\u00e9n, \u00e8 arrivato sull'isola in cerca di lavoro. Proveniente da una famiglia umile e numerosa, riusc\u00ec ad aprire il ristorante Don Caracol nel maggio 1993. Al suo fianco c'era sempre la madre, che con la sua dedizione e il suo duro lavoro \u00e8 diventata un pilastro fondamentale del ristorante: conosciuta come \"la abuela\" (la nonna), ha lasciato un'eredit\u00e0 indelebile nel cuore del locale. Questo ristorante \u00e8 molto pi\u00f9 di uno spazio gastronomico; \u00e8 il riflesso di una vita segnata dallo sforzo, dall'impegno e dalla dedizione per la realizzazione di un sogno.<br>Pronto per la seconda generazione.<\/p>\n<\/div>\n<\/div>\n\n\n\n<div class=\"wp-block-columns alignwide are-vertically-aligned-center is-layout-flex wp-container-core-columns-is-layout-2556fd45 wp-block-columns-is-layout-flex\">\n<div class=\"wp-block-column is-vertically-aligned-center is-layout-flow wp-block-column-is-layout-flow\" style=\"flex-basis:33.33%\">\n<figure class=\"wp-block-image size-full\"><img data-recalc-dims=\"1\" loading=\"lazy\" decoding=\"async\" width=\"1200\" height=\"1600\" data-attachment-id=\"292\" data-permalink=\"https:\/\/doncaracol.com\/it\/storia\/unnamed\/\" data-orig-file=\"https:\/\/i0.wp.com\/doncaracol.com\/wp-content\/uploads\/2025\/01\/unnamed.jpg?fit=1200%2C1600&amp;ssl=1\" data-orig-size=\"1200,1600\" data-comments-opened=\"1\" data-image-meta=\"{&quot;aperture&quot;:&quot;0&quot;,&quot;credit&quot;:&quot;&quot;,&quot;camera&quot;:&quot;&quot;,&quot;caption&quot;:&quot;&quot;,&quot;created_timestamp&quot;:&quot;0&quot;,&quot;copyright&quot;:&quot;&quot;,&quot;focal_length&quot;:&quot;0&quot;,&quot;iso&quot;:&quot;0&quot;,&quot;shutter_speed&quot;:&quot;0&quot;,&quot;title&quot;:&quot;&quot;,&quot;orientation&quot;:&quot;0&quot;}\" data-image-title=\"unnamed\" data-image-description=\"\" data-image-caption=\"\" data-large-file=\"https:\/\/i0.wp.com\/doncaracol.com\/wp-content\/uploads\/2025\/01\/unnamed.jpg?fit=768%2C1024&amp;ssl=1\" src=\"https:\/\/i0.wp.com\/doncaracol.com\/wp-content\/uploads\/2025\/01\/unnamed.jpg?resize=1200%2C1600&#038;ssl=1\" alt=\"\" class=\"wp-image-292\" style=\"aspect-ratio:3\/4;object-fit:cover\" srcset=\"https:\/\/i0.wp.com\/doncaracol.com\/wp-content\/uploads\/2025\/01\/unnamed.jpg?w=1200&amp;ssl=1 1200w, https:\/\/i0.wp.com\/doncaracol.com\/wp-content\/uploads\/2025\/01\/unnamed.jpg?resize=225%2C300&amp;ssl=1 225w, https:\/\/i0.wp.com\/doncaracol.com\/wp-content\/uploads\/2025\/01\/unnamed.jpg?resize=768%2C1024&amp;ssl=1 768w, https:\/\/i0.wp.com\/doncaracol.com\/wp-content\/uploads\/2025\/01\/unnamed.jpg?resize=1152%2C1536&amp;ssl=1 1152w, https:\/\/i0.wp.com\/doncaracol.com\/wp-content\/uploads\/2025\/01\/unnamed.jpg?resize=900%2C1200&amp;ssl=1 900w, https:\/\/i0.wp.com\/doncaracol.com\/wp-content\/uploads\/2025\/01\/unnamed.jpg?resize=600%2C800&amp;ssl=1 600w, https:\/\/i0.wp.com\/doncaracol.com\/wp-content\/uploads\/2025\/01\/unnamed.jpg?resize=450%2C600&amp;ssl=1 450w, https:\/\/i0.wp.com\/doncaracol.com\/wp-content\/uploads\/2025\/01\/unnamed.jpg?resize=300%2C400&amp;ssl=1 300w, https:\/\/i0.wp.com\/doncaracol.com\/wp-content\/uploads\/2025\/01\/unnamed.jpg?resize=150%2C200&amp;ssl=1 150w\" sizes=\"auto, (max-width: 1000px) 100vw, 1000px\" \/><\/figure>\n<\/div>\n\n\n\n<div class=\"wp-block-column is-vertically-aligned-center is-layout-flow wp-block-column-is-layout-flow\" style=\"flex-basis:33.33%\">\n<figure class=\"wp-block-image size-full\"><img data-recalc-dims=\"1\" loading=\"lazy\" decoding=\"async\" width=\"1200\" height=\"1200\" data-attachment-id=\"317\" data-permalink=\"https:\/\/doncaracol.com\/it\/photo-2018-11-13-23-39-58-4\/\" data-orig-file=\"https:\/\/i0.wp.com\/doncaracol.com\/wp-content\/uploads\/2025\/01\/PHOTO-2018-11-13-23-39-58-edited.png?fit=1200%2C1200&amp;ssl=1\" data-orig-size=\"1200,1200\" data-comments-opened=\"1\" data-image-meta=\"{&quot;aperture&quot;:&quot;0&quot;,&quot;credit&quot;:&quot;&quot;,&quot;camera&quot;:&quot;&quot;,&quot;caption&quot;:&quot;&quot;,&quot;created_timestamp&quot;:&quot;0&quot;,&quot;copyright&quot;:&quot;&quot;,&quot;focal_length&quot;:&quot;0&quot;,&quot;iso&quot;:&quot;0&quot;,&quot;shutter_speed&quot;:&quot;0&quot;,&quot;title&quot;:&quot;&quot;,&quot;orientation&quot;:&quot;0&quot;}\" data-image-title=\"PHOTO-2018-11-13-23-39-58\" data-image-description=\"\" data-image-caption=\"\" data-large-file=\"https:\/\/i0.wp.com\/doncaracol.com\/wp-content\/uploads\/2025\/01\/PHOTO-2018-11-13-23-39-58-edited.png?fit=1024%2C1024&amp;ssl=1\" src=\"https:\/\/i0.wp.com\/doncaracol.com\/wp-content\/uploads\/2025\/01\/PHOTO-2018-11-13-23-39-58-edited.png?resize=1200%2C1200&#038;ssl=1\" alt=\"\" class=\"wp-image-317\" style=\"aspect-ratio:3\/4;object-fit:cover\" srcset=\"https:\/\/i0.wp.com\/doncaracol.com\/wp-content\/uploads\/2025\/01\/PHOTO-2018-11-13-23-39-58-edited.png?w=1200&amp;ssl=1 1200w, https:\/\/i0.wp.com\/doncaracol.com\/wp-content\/uploads\/2025\/01\/PHOTO-2018-11-13-23-39-58-edited.png?resize=300%2C300&amp;ssl=1 300w, https:\/\/i0.wp.com\/doncaracol.com\/wp-content\/uploads\/2025\/01\/PHOTO-2018-11-13-23-39-58-edited.png?resize=1024%2C1024&amp;ssl=1 1024w, https:\/\/i0.wp.com\/doncaracol.com\/wp-content\/uploads\/2025\/01\/PHOTO-2018-11-13-23-39-58-edited.png?resize=150%2C150&amp;ssl=1 150w, https:\/\/i0.wp.com\/doncaracol.com\/wp-content\/uploads\/2025\/01\/PHOTO-2018-11-13-23-39-58-edited.png?resize=768%2C768&amp;ssl=1 768w, https:\/\/i0.wp.com\/doncaracol.com\/wp-content\/uploads\/2025\/01\/PHOTO-2018-11-13-23-39-58-edited.png?resize=800%2C800&amp;ssl=1 800w, https:\/\/i0.wp.com\/doncaracol.com\/wp-content\/uploads\/2025\/01\/PHOTO-2018-11-13-23-39-58-edited.png?resize=600%2C600&amp;ssl=1 600w, https:\/\/i0.wp.com\/doncaracol.com\/wp-content\/uploads\/2025\/01\/PHOTO-2018-11-13-23-39-58-edited.png?resize=400%2C400&amp;ssl=1 400w, https:\/\/i0.wp.com\/doncaracol.com\/wp-content\/uploads\/2025\/01\/PHOTO-2018-11-13-23-39-58-edited.png?resize=200%2C200&amp;ssl=1 200w\" sizes=\"auto, (max-width: 1000px) 100vw, 1000px\" \/><\/figure>\n<\/div>\n\n\n\n<div class=\"wp-block-column is-vertically-aligned-center is-layout-flow wp-block-column-is-layout-flow\" style=\"flex-basis:33.33%\">\n<figure class=\"wp-block-image size-full\"><img data-recalc-dims=\"1\" loading=\"lazy\" decoding=\"async\" width=\"1136\" height=\"1483\" data-attachment-id=\"314\" data-permalink=\"https:\/\/doncaracol.com\/it\/storia\/photo-2019-01-11-21-29-02-5\/\" data-orig-file=\"https:\/\/i0.wp.com\/doncaracol.com\/wp-content\/uploads\/2025\/01\/PHOTO-2019-01-11-21-29-02-1.jpg?fit=1136%2C1483&amp;ssl=1\" data-orig-size=\"1136,1483\" data-comments-opened=\"1\" data-image-meta=\"{&quot;aperture&quot;:&quot;0&quot;,&quot;credit&quot;:&quot;&quot;,&quot;camera&quot;:&quot;&quot;,&quot;caption&quot;:&quot;&quot;,&quot;created_timestamp&quot;:&quot;0&quot;,&quot;copyright&quot;:&quot;&quot;,&quot;focal_length&quot;:&quot;0&quot;,&quot;iso&quot;:&quot;0&quot;,&quot;shutter_speed&quot;:&quot;0&quot;,&quot;title&quot;:&quot;&quot;,&quot;orientation&quot;:&quot;1&quot;}\" data-image-title=\"PHOTO-2019-01-11-21-29-02\" data-image-description=\"\" data-image-caption=\"\" data-large-file=\"https:\/\/i0.wp.com\/doncaracol.com\/wp-content\/uploads\/2025\/01\/PHOTO-2019-01-11-21-29-02-1.jpg?fit=784%2C1024&amp;ssl=1\" src=\"https:\/\/i0.wp.com\/doncaracol.com\/wp-content\/uploads\/2025\/01\/PHOTO-2019-01-11-21-29-02-1.jpg?resize=1136%2C1483&#038;ssl=1\" alt=\"\" class=\"wp-image-314\" style=\"aspect-ratio:3\/4;object-fit:cover\" srcset=\"https:\/\/i0.wp.com\/doncaracol.com\/wp-content\/uploads\/2025\/01\/PHOTO-2019-01-11-21-29-02-1.jpg?w=1136&amp;ssl=1 1136w, https:\/\/i0.wp.com\/doncaracol.com\/wp-content\/uploads\/2025\/01\/PHOTO-2019-01-11-21-29-02-1.jpg?resize=230%2C300&amp;ssl=1 230w, https:\/\/i0.wp.com\/doncaracol.com\/wp-content\/uploads\/2025\/01\/PHOTO-2019-01-11-21-29-02-1.jpg?resize=784%2C1024&amp;ssl=1 784w, https:\/\/i0.wp.com\/doncaracol.com\/wp-content\/uploads\/2025\/01\/PHOTO-2019-01-11-21-29-02-1.jpg?resize=768%2C1003&amp;ssl=1 768w\" sizes=\"auto, (max-width: 1000px) 100vw, 1000px\" \/><\/figure>\n<\/div>\n<\/div>\n<\/div>\n\n\n\n<div class=\"wp-block-group alignfull has-global-padding is-layout-constrained wp-container-core-group-is-layout-36f65c2d wp-block-group-is-layout-constrained\" style=\"margin-top:0;margin-bottom:0;padding-top:var(--wp--preset--spacing--50);padding-right:var(--wp--preset--spacing--50);padding-bottom:var(--wp--preset--spacing--50);padding-left:var(--wp--preset--spacing--50)\">\n<div class=\"wp-block-columns alignwide are-vertically-aligned-center is-layout-flex wp-container-core-columns-is-layout-ca2b64f2 wp-block-columns-is-layout-flex\">\n<div class=\"wp-block-column is-vertically-aligned-center is-layout-flow wp-block-column-is-layout-flow\" style=\"flex-basis:50%\">\n<h1 class=\"wp-block-heading\">Conoscere i nostri ristoranti<\/h1>\n\n\n\n<p class=\"wp-block-paragraph\">Il Mes\u00f3n Don Caracol \u00e8 il luogo ideale per gustare una squisita carne alla griglia o le sue emblematiche lumache con aioli. Che si tratti di famiglia, amici o riunioni di lavoro, offriamo un'atmosfera accogliente, un servizio attento e un'esperienza che render\u00e0 speciale ogni visita.<\/p>\n\n\n\n<div class=\"wp-block-buttons is-layout-flex wp-block-buttons-is-layout-flex\">\n<div class=\"wp-block-button\"><a class=\"wp-block-button__link wp-element-button\" href=\"https:\/\/doncaracol.com\/it\/ristoranti\/\">VEDI RISTORANTI<\/a><\/div>\n<\/div>\n<\/div>\n\n\n\n<div class=\"wp-block-column is-vertically-aligned-center is-layout-flow wp-block-column-is-layout-flow\" style=\"flex-basis:50%\">\n<figure class=\"wp-block-image size-full\"><img data-recalc-dims=\"1\" loading=\"lazy\" decoding=\"async\" width=\"250\" height=\"250\" data-attachment-id=\"37\" data-permalink=\"https:\/\/doncaracol.com\/it\/?attachment_id=37\" data-orig-file=\"https:\/\/i0.wp.com\/doncaracol.com\/wp-content\/uploads\/2024\/12\/logo-don-caracol-mallorca-google.png?fit=250%2C250&amp;ssl=1\" data-orig-size=\"250,250\" data-comments-opened=\"1\" data-image-meta=\"{&quot;aperture&quot;:&quot;0&quot;,&quot;credit&quot;:&quot;&quot;,&quot;camera&quot;:&quot;&quot;,&quot;caption&quot;:&quot;&quot;,&quot;created_timestamp&quot;:&quot;0&quot;,&quot;copyright&quot;:&quot;&quot;,&quot;focal_length&quot;:&quot;0&quot;,&quot;iso&quot;:&quot;0&quot;,&quot;shutter_speed&quot;:&quot;0&quot;,&quot;title&quot;:&quot;&quot;,&quot;orientation&quot;:&quot;0&quot;}\" data-image-title=\"logo-don-caracol-mallorca-google\" data-image-description=\"\" data-image-caption=\"\" data-large-file=\"https:\/\/i0.wp.com\/doncaracol.com\/wp-content\/uploads\/2024\/12\/logo-don-caracol-mallorca-google.png?fit=250%2C250&amp;ssl=1\" src=\"https:\/\/i0.wp.com\/doncaracol.com\/wp-content\/uploads\/2024\/12\/logo-don-caracol-mallorca-google.png?resize=250%2C250&#038;ssl=1\" alt=\"\" class=\"wp-image-37\"\/><\/figure>\n<\/div>\n<\/div>\n<\/div>","protected":false},"excerpt":{"rendered":"<p>Don Caracol, m\u00e1s de 30 a\u00f1os de historia Un joven de Alcal\u00e1 la Real, Ja\u00e9n, lleg\u00f3 a la isla en busca de trabajo. Proveniente de una familia humilde y numerosa, logr\u00f3 abrir el Restaurante Don Caracol en mayo de 1993. A su lado estuvo siempre su madre, cuya entrega y trabajo la convirtieron en un [&hellip;]<\/p>\n","protected":false},"author":259874193,"featured_media":0,"parent":0,"menu_order":0,"comment_status":"closed","ping_status":"open","template":"page-no-title","meta":{"_crdt_document":"","footnotes":""},"class_list":["post-1","page","type-page","status-publish","hentry"],"yoast_head":"<!-- This site is optimized with the Yoast SEO plugin v27.5 - https:\/\/yoast.com\/product\/yoast-seo-wordpress\/ -->\n<title>Nuestra historia - Don Caracol<\/title>\n<meta name=\"robots\" content=\"index, follow, max-snippet:-1, max-image-preview:large, max-video-preview:-1\" \/>\n<link rel=\"canonical\" href=\"https:\/\/doncaracol.com\/it\/storia\/\" \/>\n<meta property=\"og:locale\" content=\"it_IT\" \/>\n<meta property=\"og:type\" content=\"article\" \/>\n<meta property=\"og:title\" content=\"Nuestra historia - Don Caracol\" \/>\n<meta property=\"og:description\" content=\"Don Caracol, m\u00e1s de 30 a\u00f1os de historia Un joven de Alcal\u00e1 la Real, Ja\u00e9n, lleg\u00f3 a la isla en busca de trabajo. Proveniente de una familia humilde y numerosa, logr\u00f3 abrir el Restaurante Don Caracol en mayo de 1993. A su lado estuvo siempre su madre, cuya entrega y trabajo la convirtieron en un [&hellip;]\" \/>\n<meta property=\"og:url\" content=\"https:\/\/doncaracol.com\/it\/storia\/\" \/>\n<meta property=\"og:site_name\" content=\"Don Caracol\" \/>\n<meta property=\"article:modified_time\" content=\"2025-01-18T16:39:47+00:00\" \/>\n<meta property=\"og:image\" content=\"https:\/\/doncaracol.com\/wp-content\/uploads\/2025\/01\/unnamed.jpg\" \/>\n<meta name=\"twitter:card\" content=\"summary_large_image\" \/>\n<meta name=\"twitter:label1\" content=\"Tempo di lettura stimato\" \/>\n\t<meta name=\"twitter:data1\" content=\"3 minuti\" \/>\n<script type=\"application\/ld+json\" class=\"yoast-schema-graph\">{\"@context\":\"https:\\\/\\\/schema.org\",\"@graph\":[{\"@type\":\"WebPage\",\"@id\":\"https:\\\/\\\/doncaracol.com\\\/historia\\\/\",\"url\":\"https:\\\/\\\/doncaracol.com\\\/historia\\\/\",\"name\":\"Nuestra historia - Don Caracol\",\"isPartOf\":{\"@id\":\"https:\\\/\\\/doncaracol.com\\\/#website\"},\"primaryImageOfPage\":{\"@id\":\"https:\\\/\\\/doncaracol.com\\\/historia\\\/#primaryimage\"},\"image\":{\"@id\":\"https:\\\/\\\/doncaracol.com\\\/historia\\\/#primaryimage\"},\"thumbnailUrl\":\"https:\\\/\\\/doncaracol.com\\\/wp-content\\\/uploads\\\/2025\\\/01\\\/unnamed.jpg\",\"datePublished\":\"2024-12-22T00:33:07+00:00\",\"dateModified\":\"2025-01-18T16:39:47+00:00\",\"breadcrumb\":{\"@id\":\"https:\\\/\\\/doncaracol.com\\\/historia\\\/#breadcrumb\"},\"inLanguage\":\"it-IT\",\"potentialAction\":[{\"@type\":\"ReadAction\",\"target\":[\"https:\\\/\\\/doncaracol.com\\\/historia\\\/\"]}]},{\"@type\":\"ImageObject\",\"inLanguage\":\"it-IT\",\"@id\":\"https:\\\/\\\/doncaracol.com\\\/historia\\\/#primaryimage\",\"url\":\"https:\\\/\\\/doncaracol.com\\\/wp-content\\\/uploads\\\/2025\\\/01\\\/unnamed.jpg\",\"contentUrl\":\"https:\\\/\\\/doncaracol.com\\\/wp-content\\\/uploads\\\/2025\\\/01\\\/unnamed.jpg\"},{\"@type\":\"BreadcrumbList\",\"@id\":\"https:\\\/\\\/doncaracol.com\\\/historia\\\/#breadcrumb\",\"itemListElement\":[{\"@type\":\"ListItem\",\"position\":1,\"name\":\"Portada\",\"item\":\"https:\\\/\\\/doncaracol.com\\\/\"},{\"@type\":\"ListItem\",\"position\":2,\"name\":\"Nuestra historia\"}]},{\"@type\":\"WebSite\",\"@id\":\"https:\\\/\\\/doncaracol.com\\\/#website\",\"url\":\"https:\\\/\\\/doncaracol.com\\\/\",\"name\":\"Don Caracol\",\"description\":\"Disfruta de la aut\u00e9ntica gastronom\u00eda en un ambiente \u00fanico.\",\"publisher\":{\"@id\":\"https:\\\/\\\/doncaracol.com\\\/#organization\"},\"potentialAction\":[{\"@type\":\"SearchAction\",\"target\":{\"@type\":\"EntryPoint\",\"urlTemplate\":\"https:\\\/\\\/doncaracol.com\\\/?s={search_term_string}\"},\"query-input\":{\"@type\":\"PropertyValueSpecification\",\"valueRequired\":true,\"valueName\":\"search_term_string\"}}],\"inLanguage\":\"it-IT\"},{\"@type\":\"Organization\",\"@id\":\"https:\\\/\\\/doncaracol.com\\\/#organization\",\"name\":\"Don Caracol\",\"url\":\"https:\\\/\\\/doncaracol.com\\\/\",\"logo\":{\"@type\":\"ImageObject\",\"inLanguage\":\"it-IT\",\"@id\":\"https:\\\/\\\/doncaracol.com\\\/#\\\/schema\\\/logo\\\/image\\\/\",\"url\":\"https:\\\/\\\/i0.wp.com\\\/doncaracol.com\\\/wp-content\\\/uploads\\\/2024\\\/12\\\/logo-don-caracol-mallorca.png?fit=291%2C125&ssl=1\",\"contentUrl\":\"https:\\\/\\\/i0.wp.com\\\/doncaracol.com\\\/wp-content\\\/uploads\\\/2024\\\/12\\\/logo-don-caracol-mallorca.png?fit=291%2C125&ssl=1\",\"width\":291,\"height\":125,\"caption\":\"Don Caracol\"},\"image\":{\"@id\":\"https:\\\/\\\/doncaracol.com\\\/#\\\/schema\\\/logo\\\/image\\\/\"}}]}<\/script>\n<!-- \/ Yoast SEO plugin. -->","yoast_head_json":{"title":"La nostra storia - Don Caracol","robots":{"index":"index","follow":"follow","max-snippet":"max-snippet:-1","max-image-preview":"max-image-preview:large","max-video-preview":"max-video-preview:-1"},"canonical":"https:\/\/doncaracol.com\/it\/storia\/","og_locale":"it_IT","og_type":"article","og_title":"Nuestra historia - Don Caracol","og_description":"Don Caracol, m\u00e1s de 30 a\u00f1os de historia Un joven de Alcal\u00e1 la Real, Ja\u00e9n, lleg\u00f3 a la isla en busca de trabajo. Proveniente de una familia humilde y numerosa, logr\u00f3 abrir el Restaurante Don Caracol en mayo de 1993. A su lado estuvo siempre su madre, cuya entrega y trabajo la convirtieron en un [&hellip;]","og_url":"https:\/\/doncaracol.com\/it\/storia\/","og_site_name":"Don Caracol","article_modified_time":"2025-01-18T16:39:47+00:00","og_image":[{"url":"https:\/\/doncaracol.com\/wp-content\/uploads\/2025\/01\/unnamed.jpg","type":"","width":"","height":""}],"twitter_card":"summary_large_image","twitter_misc":{"Tempo di lettura stimato":"3 minuti"},"schema":{"@context":"https:\/\/schema.org","@graph":[{"@type":"WebPage","@id":"https:\/\/doncaracol.com\/historia\/","url":"https:\/\/doncaracol.com\/historia\/","name":"La nostra storia - Don Caracol","isPartOf":{"@id":"https:\/\/doncaracol.com\/#website"},"primaryImageOfPage":{"@id":"https:\/\/doncaracol.com\/historia\/#primaryimage"},"image":{"@id":"https:\/\/doncaracol.com\/historia\/#primaryimage"},"thumbnailUrl":"https:\/\/doncaracol.com\/wp-content\/uploads\/2025\/01\/unnamed.jpg","datePublished":"2024-12-22T00:33:07+00:00","dateModified":"2025-01-18T16:39:47+00:00","breadcrumb":{"@id":"https:\/\/doncaracol.com\/historia\/#breadcrumb"},"inLanguage":"it-IT","potentialAction":[{"@type":"ReadAction","target":["https:\/\/doncaracol.com\/historia\/"]}]},{"@type":"ImageObject","inLanguage":"it-IT","@id":"https:\/\/doncaracol.com\/historia\/#primaryimage","url":"https:\/\/doncaracol.com\/wp-content\/uploads\/2025\/01\/unnamed.jpg","contentUrl":"https:\/\/doncaracol.com\/wp-content\/uploads\/2025\/01\/unnamed.jpg"},{"@type":"BreadcrumbList","@id":"https:\/\/doncaracol.com\/historia\/#breadcrumb","itemListElement":[{"@type":"ListItem","position":1,"name":"Portada","item":"https:\/\/doncaracol.com\/"},{"@type":"ListItem","position":2,"name":"Nuestra historia"}]},{"@type":"WebSite","@id":"https:\/\/doncaracol.com\/#website","url":"https:\/\/doncaracol.com\/","name":"Don Caracol","description":"Godetevi l'autentica gastronomia in un'atmosfera unica.","publisher":{"@id":"https:\/\/doncaracol.com\/#organization"},"potentialAction":[{"@type":"SearchAction","target":{"@type":"EntryPoint","urlTemplate":"https:\/\/doncaracol.com\/?s={search_term_string}"},"query-input":{"@type":"PropertyValueSpecification","valueRequired":true,"valueName":"search_term_string"}}],"inLanguage":"it-IT"},{"@type":"Organization","@id":"https:\/\/doncaracol.com\/#organization","name":"Don Caracol","url":"https:\/\/doncaracol.com\/","logo":{"@type":"ImageObject","inLanguage":"it-IT","@id":"https:\/\/doncaracol.com\/#\/schema\/logo\/image\/","url":"https:\/\/i0.wp.com\/doncaracol.com\/wp-content\/uploads\/2024\/12\/logo-don-caracol-mallorca.png?fit=291%2C125&ssl=1","contentUrl":"https:\/\/i0.wp.com\/doncaracol.com\/wp-content\/uploads\/2024\/12\/logo-don-caracol-mallorca.png?fit=291%2C125&ssl=1","width":291,"height":125,"caption":"Don Caracol"},"image":{"@id":"https:\/\/doncaracol.com\/#\/schema\/logo\/image\/"}}]}},"jetpack_likes_enabled":true,"jetpack_sharing_enabled":true,"jetpack_shortlink":"https:\/\/wp.me\/Pgfsmc-1","jetpack-related-posts":[],"_links":{"self":[{"href":"https:\/\/doncaracol.com\/it\/wp-json\/wp\/v2\/pages\/1","targetHints":{"allow":["GET"]}}],"collection":[{"href":"https:\/\/doncaracol.com\/it\/wp-json\/wp\/v2\/pages"}],"about":[{"href":"https:\/\/doncaracol.com\/it\/wp-json\/wp\/v2\/types\/page"}],"author":[{"embeddable":true,"href":"https:\/\/doncaracol.com\/it\/wp-json\/wp\/v2\/users\/259874193"}],"replies":[{"embeddable":true,"href":"https:\/\/doncaracol.com\/it\/wp-json\/wp\/v2\/comments?post=1"}],"version-history":[{"count":48,"href":"https:\/\/doncaracol.com\/it\/wp-json\/wp\/v2\/pages\/1\/revisions"}],"predecessor-version":[{"id":346,"href":"https:\/\/doncaracol.com\/it\/wp-json\/wp\/v2\/pages\/1\/revisions\/346"}],"wp:attachment":[{"href":"https:\/\/doncaracol.com\/it\/wp-json\/wp\/v2\/media?parent=1"}],"curies":[{"name":"wp","href":"https:\/\/api.w.org\/{rel}","templated":true}]}}